{"id":3572,"date":"2026-08-01T10:00:41","date_gmt":"2026-08-01T08:00:41","guid":{"rendered":"https:\/\/www.trisaierhof.com\/privacy\/"},"modified":"2026-08-31T15:57:23","modified_gmt":"2026-08-31T13:57:23","slug":"privacy","status":"publish","type":"page","link":"https:\/\/www.trisaierhof.com\/it\/privacy\/","title":{"rendered":"Note legali &#038; Privacy"},"content":{"rendered":"<p><div class=\"fusion-bg-parallax\" data-bg-align=\"center center\" data-direction=\"down\" data-mute=\"false\" data-opacity=\"100\" data-velocity=\"-0.3\" data-mobile-enabled=\"false\" data-break_parents=\"0\" data-bg-image=\"https:\/\/www.trisaierhof.com\/wp-content\/uploads\/2026\/08\/Trisaierhof-Voelser-Weiher-\u00a9-Seiser-Alm-Marketing-Martin-Kompatscher.jpg\" data-bg-repeat=\"false\" ><\/div><div class=\"fusion-fullwidth fullwidth-box fusion-builder-row-1 fusion-flex-container has-pattern-background has-mask-background fusion-parallax-down nonhundred-percent-fullwidth non-hundred-percent-height-scrolling lazyload fusion-animated\" style=\"--awb-border-radius-top-left:0px;--awb-border-radius-top-right:0px;--awb-border-radius-bottom-right:0px;--awb-border-radius-bottom-left:0px;--awb-padding-top:15vw;--awb-padding-bottom:15vw;--awb-padding-top-small:80px;--awb-padding-bottom-small:80px;--awb-margin-top:80px;--awb-margin-bottom:70px;--awb-background-size:cover;--awb-flex-wrap:wrap;--awb-animation-color:var(--awb-color3);\" data-bg=\"https:\/\/www.trisaierhof.com\/wp-content\/uploads\/2026\/08\/Trisaierhof-Voelser-Weiher-\u00a9-Seiser-Alm-Marketing-Martin-Kompatscher.jpg\" data-animationType=\"revealInLeft\" data-animationDuration=\"1.2\" data-animationOffset=\"top-into-view\" ><div class=\"fusion-builder-row fusion-row fusion-flex-align-items-flex-start fusion-flex-content-wrap\" style=\"max-width:1248px;margin-left: calc(-4% \/ 2 );margin-right: calc(-4% \/ 2 );\"><div class=\"fusion-layout-column fusion_builder_column fusion-builder-column-0 fusion_builder_column_1_1 1_1 fusion-flex-column\" style=\"--awb-bg-size:cover;--awb-width-large:100%;--awb-margin-top-large:0px;--awb-spacing-right-large:1.92%;--awb-margin-bottom-large:0px;--awb-spacing-left-large:1.92%;--awb-width-medium:100%;--awb-order-medium:0;--awb-spacing-right-medium:1.92%;--awb-spacing-left-medium:1.92%;--awb-width-small:100%;--awb-order-small:0;--awb-spacing-right-small:1.92%;--awb-spacing-left-small:1.92%;\"><div class=\"fusion-column-wrapper fusion-column-has-shadow fusion-flex-justify-content-flex-start fusion-content-layout-column\"><\/div><\/div><\/div><\/div><div class=\"fusion-fullwidth fullwidth-box fusion-builder-row-2 fusion-flex-container has-pattern-background has-mask-background nonhundred-percent-fullwidth non-hundred-percent-height-scrolling\" style=\"--awb-border-radius-top-left:0px;--awb-border-radius-top-right:0px;--awb-border-radius-bottom-right:0px;--awb-border-radius-bottom-left:0px;--awb-padding-bottom:30px;--awb-flex-wrap:wrap;\" ><div class=\"fusion-builder-row fusion-row fusion-flex-align-items-flex-start fusion-flex-content-wrap\" style=\"max-width:1248px;margin-left: calc(-4% \/ 2 );margin-right: calc(-4% \/ 2 );\"><div class=\"fusion-layout-column fusion_builder_column fusion-builder-column-1 fusion_builder_column_1_1 1_1 fusion-flex-column fusion-no-small-visibility\" style=\"--awb-bg-size:cover;--awb-width-large:100%;--awb-margin-top-large:0px;--awb-spacing-right-large:1.92%;--awb-margin-bottom-large:0px;--awb-spacing-left-large:1.92%;--awb-width-medium:100%;--awb-order-medium:0;--awb-spacing-right-medium:1.92%;--awb-spacing-left-medium:1.92%;--awb-width-small:100%;--awb-order-small:0;--awb-spacing-right-small:1.92%;--awb-spacing-left-small:1.92%;\" data-scroll-devices=\"small-visibility,medium-visibility,large-visibility\"><div class=\"fusion-column-wrapper fusion-column-has-shadow fusion-flex-justify-content-flex-start fusion-content-layout-column\"><div class=\"fusion-text fusion-text-1\"><h3>Impressum &amp; Privacy<\/h3>\n<p><strong>Domaininhaber und Verantwortlicher f\u00fcr die Inhalte:<br \/>\n<\/strong><\/p>\n<p><strong>\u00a9 TRISAIERHOF<\/strong> (Manuel Gasser)<strong><br \/>\n<\/strong>V\u00f6lserriederstra\u00dfe\/Via Novale di Fi\u00e8 11<br \/>\nI-39050 V\u00f6ls am Schlern\/Fi\u00e8 allo Sciliar (BZ)<br \/>\nS\u00fcdtirol\/Alto Adige (Italien\/Italia)<br \/>\nE-Mail: info@trisaierhof.com<br \/>\nWeb: www.trisaierhof.com<br \/>\nTel. +39 379\/3993077<br \/>\nMwSt.-Nr.\/Partita IVA: 03163980216<\/p>\n<p><strong>\u00a9 Fotos: Seiser Alm Marketing \/Helmuth Rier, Roschan Fill, Martin Kompatscher, Fabian Dalpiaz, Werner Dejori<\/strong><br \/>\n<strong>\u00a9 Videos: Seiser Alm Marketing \/Manuel Kottersteger<\/strong><\/p>\n<p><strong>Gem\u00e4\u00df der VERORDNUNG (EU) 2016\/679 DES EUROPAISCHEN PARLAMENTS UND DES RATES informieren wir Sie dar\u00fcber, dass wir personenbezogene Daten von Kunden und Lieferanten sowie von Personen, die uns freiwillig ihre Daten \u00fcbermitteln (pers\u00f6nlich, telefonisch, per Fax oder E-Mail) oder sich auf unserer Website registrieren, verarbeiten. Ebenso verarbeiten wir personenbezogene Daten von Personen, deren Daten uns von Dritten zur Verf\u00fcgung gestellt werden, zum Beispiel bei der Sammlung von Daten durch externe Informationsdienste, \u00f6ffentliche Register usw. In letztem Fall handelt es sich ausschlie\u00dflich um allgemeine, nicht sensible personenbezogene Daten.<\/strong><\/p>\n<p>Unser Unternehmen garantiert, dass die Verarbeitung personenbezogener Daten unter Wahrung der grundlegenden Rechte und Freiheiten, insbesondere des Rechts auf Privatsph\u00e4re und den Schutz personenbezogener Daten, in \u00dcbereinstimmung mit den gesetzlichen Bestimmungen erfolgt.<\/p>\n<p><strong>Zwecke der Datenverarbeitung:<\/strong><\/p>\n<ul>\n<li>Erf\u00fcllung gesetzlicher, beh\u00f6rdlicher und gemeinschaftlicher Vorschriften sowie zivilrechtlicher und steuerrechtlicher Vorgaben.<\/li>\n<li>Erf\u00fcllung vertraglicher Verpflichtungen gegen\u00fcber der betroffenen Person.<\/li>\n<li>T\u00e4tigkeiten im Zusammenhang mit der Gesch\u00e4ftst\u00e4tigkeit unseres Unternehmens, wie z. B. interne statistische Erhebungen, Buchhaltung und Kunden-\/Lieferantenmanagement.<\/li>\n<li>Kommerzielle Zwecke wie die Zusendung von Unternehmensinformationen und Werbematerialien (per Post, Fax und E-Mail), Marketing und Marktforschung.<\/li>\n<li>Schutz von Forderungen und Verwaltung von Verbindlichkeiten.<\/li>\n<li>Zwecke im Zusammenhang mit Versicherungen, insbesondere Forderungsversicherungen.<\/li>\n<li>Weitergabe der Daten.<\/li>\n<\/ul>\n<p><strong>In Bezug auf die oben genannten Zwecke k\u00f6nnen Ihre personenbezogenen Daten weitergegeben werden an:<\/strong><\/p>\n<ul>\n<li>\u00d6ffentliche und administrative Beh\u00f6rden, wenn dies gesetzlich erforderlich ist.<\/li>\n<li>Kreditinstitute, mit denen unser Unternehmen Gesch\u00e4ftsbeziehungen unterh\u00e4lt, zur Verwaltung von Forderungen\/Verbindlichkeiten und f\u00fcr Finanzintermediationsdienste.<\/li>\n<li>Alle physischen und\/oder juristischen Personen, \u00f6ffentliche und\/oder private Stellen (z. B. Anwaltskanzleien, Steuerberater, Gerichte, Handelskammern usw.), wenn dies f\u00fcr die Aus\u00fcbung unserer Gesch\u00e4ftst\u00e4tigkeit erforderlich oder funktional ist.<\/li>\n<li>Lieferanten\/Hersteller f\u00fcr die Auftragsabwicklung.<\/li>\n<li>Die von uns verarbeiteten personenbezogenen Daten werden nicht verbreitet.<\/li>\n<\/ul>\n<p><strong>Welche Informationen sammeln wir und wie lange speichern wir diese?<\/strong><\/p>\n<ol>\n<li><strong>Von Nutzern bereitgestellte und automatisch gesammelte Informationen<\/strong><br \/>\nDie von unserem Unternehmen gesammelten personenbezogenen Daten werden direkt von den Kunden oder von Dritten erhoben, zum Beispiel wenn das Unternehmen Daten von externen Unternehmen f\u00fcr kommerzielle Informationen, Marktforschung, direkte Angebote von Produkten oder Dienstleistungen sammelt. In diesen F\u00e4llen wird der betroffenen Person zum Zeitpunkt der Registrierung oder sp\u00e4testens bei der ersten Kommunikation eine Informationsmitteilung zur Verf\u00fcgung gestellt.<\/li>\n<\/ol>\n<p>Au\u00dferdem kann unser Unternehmen sensible Daten sammeln, die im Zusammenhang mit Anfragen des Kunden erforderlich sind. Die Verarbeitung dieser Daten erfordert die ausdr\u00fcckliche Zustimmung der betroffenen Person.<\/p>\n<p>Mit jedem Besuch auf unseren Plattformen k\u00f6nnen wir Informationen \u00fcber die verwendeten Ger\u00e4te und Netzwerke sammeln, mit denen auf unsere Dienste zugegriffen wird. Diese Informationen k\u00f6nnen umfassen: IP-Adresse, Anmeldedaten, Browsertyp und -version, Browser-Plug-ins, Betriebssystem und Plattform, Werbe-ID, Besuchsinformationen, angeforderte URLs, angezeigte Produkte, Downloadfehler, Dauer des Verbleibs auf bestimmten Seiten, Interaktionen auf den Seiten und Telefonnummern, die zum Anrufen unseres Kundendienstes verwendet werden. Wir sammeln diese Informationen mithilfe verschiedener Technologien, einschlie\u00dflich Cookies (weitere Informationen finden Sie in unserer Cookie-Richtlinie).<\/p>\n<ol start=\"2\">\n<li><strong>Speicherzeit der Daten<\/strong><br \/>\nSiehe Abschnitt \u201eCookies\u201c f\u00fcr die Dauer der Datenspeicherung.<\/li>\n<\/ol>\n<p><strong>Arten der Datenverarbeitung:<\/strong><br \/>\nDie Datenverarbeitung kann mit oder ohne den Einsatz elektronischer Mittel erfolgen, die automatisiert sein k\u00f6nnen. Sie umfasst alle Operationen, die f\u00fcr die Verarbeitung der Daten erforderlich sind. In jedem Fall erfolgt die Verarbeitung unter Einhaltung aller Sicherheitsvorkehrungen, um die Daten vor unbefugtem Zugriff und Missbrauch zu sch\u00fctzen.<\/p>\n<p><strong>Online-Werbung<\/strong><br \/>\nUm interessenbasierte Werbung anzubieten und gezielte Werbung anzuzeigen, k\u00f6nnen wir die gesammelten Daten mit anderen von uns erfassten Daten kombinieren. Wenn Sie nicht m\u00f6chten, dass Ihre Informationen \u00fcber Cookies verarbeitet werden, lesen Sie bitte unsere Cookie-Richtlinie, um zu erfahren, wie Sie diese Informationen kontrollieren und deaktivieren k\u00f6nnen. Beachten Sie bitte, dass das Deaktivieren von interessenbasierter Werbung nicht verhindert, dass Ihnen weiterhin Werbung angezeigt wird, die nicht auf Ihre Interessen abgestimmt ist.<\/p>\n<p><strong>Navigationsdaten im Zusammenhang mit unseren Online-Informationsdiensten:<\/strong><br \/>\nDie Computersysteme und Softwareverfahren, die f\u00fcr den Betrieb der Website verwendet werden, erheben im Rahmen ihres normalen Betriebs einige personenbezogene Daten, deren \u00dcbermittlung durch die Verwendung von Internet-Kommunikationsprotokollen impliziert ist.<br \/>\nEs handelt sich dabei um Informationen, die nicht dazu bestimmt sind, eine Person zu identifizieren, die jedoch aufgrund ihrer Art, durch Verarbeitung und Verkn\u00fcpfung mit Daten, die in den H\u00e4nden Dritter sind, die Identifizierung der Nutzer erm\u00f6glichen k\u00f6nnten. Zu dieser Kategorie von Daten geh\u00f6ren IP-Adressen oder Dom\u00e4nennamen der Computer, die auf die Website zugreifen, die URIs (Uniform Resource Identifiers) der angeforderten Ressourcen, die Uhrzeit der Anfrage und andere Parameter, die sich auf die \u00dcbertragung und das technische Umfeld des Nutzers beziehen.<br \/>\nDiese Daten werden nur zu anonymen statistischen Zwecken \u00fcber die Nutzung der Website und zur \u00dcberpr\u00fcfung der korrekten Funktion verwendet. Im Falle von Computerverbrechen gegen unsere Website k\u00f6nnen diese Daten zur Feststellung der Verantwortlichkeit verwendet werden.<\/p>\n<p><strong>\u00dcbermittlung von Daten ins Ausland:<\/strong><br \/>\nWir k\u00f6nnten gezwungen sein, Ihre Daten an Dienstleister in L\u00e4ndern au\u00dferhalb des Europ\u00e4ischen Wirtschaftsraums (EWR) zu \u00fcbermitteln. Zu den EWR-L\u00e4ndern geh\u00f6ren die Mitgliedstaaten der Europ\u00e4ischen Union sowie die Schweiz, Island, Liechtenstein und Norwegen, die als L\u00e4nder mit gleichwertigem Datenschutzrecht betrachtet werden. Diese \u00dcbermittlung von Daten kann erforderlich sein, wenn unsere Server (also der Ort, an dem die Daten gespeichert werden) oder unsere Dienstleister und Partner au\u00dferhalb des EWR liegen oder wenn Sie unsere Produkte und Dienstleistungen aus einem Land au\u00dferhalb dieses Gebiets heraus nutzen.<br \/>\nDie aktualisierte Liste der Drittl\u00e4nder, in die das Unternehmen Daten \u00fcbermittelt, ist auf Anfrage beim Verantwortlichen der Datenverarbeitung verf\u00fcgbar.<br \/>\nWenn eine solche \u00dcbermittlung stattfindet, stellen wir sicher, dass diese in \u00dcbereinstimmung mit dieser Datenschutzerkl\u00e4rung erfolgt und durch Standardvertragsklauseln der Europ\u00e4ischen Kommission geregelt wird, um einen angemessenen Schutz f\u00fcr die betroffenen Personen zu gew\u00e4hrleisten.<\/p>\n<p><strong>Rechte der betroffenen Person:<\/strong><br \/>\nDie Verordnung 679\/2016 gew\u00e4hrt der betroffenen Person das Recht, bestimmte Rechte auszu\u00fcben. Insbesondere hat die betroffene Person das Recht, Informationen \u00fcber die von uns gespeicherten Daten, deren Herkunft und den Zweck der Verarbeitung sowie \u00fcber die verantwortlichen Stellen und die Empf\u00e4nger der Daten zu erhalten.<br \/>\nDie betroffene Person hat das Recht, ihre Daten zu aktualisieren, zu berichtigen und zu erg\u00e4nzen sowie deren L\u00f6schung, Einschr\u00e4nkung oder Umwandlung in anonyme Daten zu verlangen, wenn die Verarbeitung gegen gesetzliche Bestimmungen verst\u00f6\u00dft. Sie hat ebenfalls das Recht, der Verarbeitung ihrer Daten aus berechtigten Gr\u00fcnden zu widersprechen, und ohne berechtigten Grund, wenn die Daten zu Werbezwecken, Marketing oder Marktforschung verwendet werden.<br \/>\nAb dem 25. Mai 2018 wird das Recht auf Daten\u00fcbertragbarkeit anerkannt. Weitere Informationen erhalten Sie beim Verantwortlichen der Datenverarbeitung.<br \/>\nWenn Sie der Meinung sind, dass Ihre Rechte verletzt wurden, haben Sie das Recht, eine Beschwerde bei der Datenschutzbeh\u00f6rde (Garante per la Protezione dei Dati) einzureichen oder rechtliche Schritte zu unternehmen.<\/p>\n<p>Die Rechte k\u00f6nnen von der betroffenen Person oder von einer von ihr beauftragten Person durch eine Anfrage an den Verantwortlichen der Datenverarbeitung an die unten angegebene Adresse per Einschreiben oder E-Mail ausge\u00fcbt werden.<\/p>\n<p><strong>Verantwortlicher f\u00fcr die Datenverarbeitung:<\/strong><\/p>\n<p>TRISAIERHOF (Manuel Gasser)<br \/>\nV\u00f6lserriederstra\u00dfe\/Via Novale di Fi\u00e8 11<br \/>\nI-39050 V\u00f6ls am Schlern\/Fi\u00e8 allo Sciliar (BZ)<br \/>\nS\u00fcdtirol\/Alto Adige (Italien\/Italia)<br \/>\nE-Mail: info@trisaierhof.com<br \/>\nWeb: www.trisaierhof.com<br \/>\nTel. +39 379\/3993077<br \/>\nMwSt.-Nr.\/Partita IVA: 03163980216<\/p>\n<p><strong>Was sind Cookies?<\/strong><\/p>\n<p>Ein Cookie ist eine Textdatei, die auf Ihrem Ger\u00e4t (PC, Tablet, Smartphone) gespeichert wird, wenn Sie eine Website besuchen. Cookies erm\u00f6glichen es der Website, automatisch Ihre vorherigen Einstellungen wie Sprache, Textgr\u00f6\u00dfe und andere Pr\u00e4ferenzen bei einem sp\u00e4teren Besuch zu laden. Die Cookies auf dieser Website werden nicht verwendet, um personenbezogene Informationen zu sammeln, und stellen keine Sicherheitsrisiken f\u00fcr Ihr Ger\u00e4t dar.<\/p>\n<p><strong>Arten von Cookies:<\/strong><\/p>\n<ul>\n<li><strong>Technische Cookies [keine Zustimmung erforderlich]<\/strong><br \/>\nDiese Cookies sind f\u00fcr das ordnungsgem\u00e4\u00dfe Funktionieren der Website unerl\u00e4sslich. Es handelt sich um First-Party-Cookies, die nur w\u00e4hrend der aktuellen Sitzung auf Ihrem Computer gespeichert werden.<\/li>\n<li><strong>Profiling-Cookies [Zustimmung erforderlich]<\/strong><br \/>\nDiese Cookies sammeln Nutzerdaten, um Ihnen personalisierte Werbung zu senden.<\/li>\n<li><strong>Cookies von Dritten<\/strong><br \/>\nDa wir Cookies von anderen Plattformen (z. B. Youtube, Google Analytics, Google Maps, Facebook) verwenden, finden Sie unter den folgenden Links weitere Informationen.<\/li>\n<\/ul>\n<p><strong>Kontrolle der Verwendung von Cookies<\/strong><br \/>\nDie meisten Browser erm\u00f6glichen es Ihnen, Cookies zu deaktivieren. Beachten Sie jedoch, dass die Deaktivierung von Cookies die ordnungsgem\u00e4\u00dfe Funktion der Website beeintr\u00e4chtigen kann.<\/p>\n<p><!-- \/wp:paragraph --><\/p>\n<\/div><\/div><\/div><div class=\"fusion-layout-column fusion_builder_column fusion-builder-column-2 fusion_builder_column_1_1 1_1 fusion-flex-column fusion-no-medium-visibility fusion-no-large-visibility\" style=\"--awb-bg-size:cover;--awb-width-large:100%;--awb-margin-top-large:0px;--awb-spacing-right-large:1.92%;--awb-margin-bottom-large:0px;--awb-spacing-left-large:1.92%;--awb-width-medium:100%;--awb-order-medium:0;--awb-spacing-right-medium:1.92%;--awb-spacing-left-medium:1.92%;--awb-width-small:100%;--awb-order-small:0;--awb-spacing-right-small:1.92%;--awb-spacing-left-small:1.92%;\" data-scroll-devices=\"small-visibility,medium-visibility,large-visibility\"><div class=\"fusion-column-wrapper fusion-column-has-shadow fusion-flex-justify-content-flex-start fusion-content-layout-column\"><div class=\"fusion-text fusion-text-2\" style=\"--awb-font-size:11px;--awb-line-height:13px;\"><h3>Impressum &amp; Privacy<\/h3>\n<p><strong>Domaininhaber und Verantwortlicher f\u00fcr die Inhalte:<br \/>\n<\/strong><\/p>\n<p><strong>\u00a9 TRISAIERHOF<\/strong> (Manuel Gasser)<strong><br \/>\n<\/strong>V\u00f6lserriederstra\u00dfe\/Via Novale di Fi\u00e8 11<br \/>\nI-39050 V\u00f6ls am Schlern\/Fi\u00e8 allo Sciliar (BZ)<br \/>\nS\u00fcdtirol\/Alto Adige (Italien\/Italia)<br \/>\nE-Mail: info@trisaierhof.com<br \/>\nWeb: www.trisaierhof.com<br \/>\nTel. +39 379\/3993077<br \/>\nMwSt.-Nr.\/Partita IVA: 03163980216<\/p>\n<p><strong>\u00a9 Fotos: Seiser Alm Marketing \/Helmuth Rier, Roschan Fill, Martin Kompatscher, Fabian Dalpiaz, Werner Dejori<\/strong><br \/>\n<strong>\u00a9 Videos: Seiser Alm Marketing \/Manuel Kottersteger<\/strong><\/p>\n<p><strong>Gem\u00e4\u00df der VERORDNUNG (EU) 2016\/679 DES EUROPAISCHEN PARLAMENTS UND DES RATES informieren wir Sie dar\u00fcber, dass wir personenbezogene Daten von Kunden und Lieferanten sowie von Personen, die uns freiwillig ihre Daten \u00fcbermitteln (pers\u00f6nlich, telefonisch, per Fax oder E-Mail) oder sich auf unserer Website registrieren, verarbeiten. Ebenso verarbeiten wir personenbezogene Daten von Personen, deren Daten uns von Dritten zur Verf\u00fcgung gestellt werden, zum Beispiel bei der Sammlung von Daten durch externe Informationsdienste, \u00f6ffentliche Register usw. In letztem Fall handelt es sich ausschlie\u00dflich um allgemeine, nicht sensible personenbezogene Daten.<\/strong><\/p>\n<p>Unser Unternehmen garantiert, dass die Verarbeitung personenbezogener Daten unter Wahrung der grundlegenden Rechte und Freiheiten, insbesondere des Rechts auf Privatsph\u00e4re und den Schutz personenbezogener Daten, in \u00dcbereinstimmung mit den gesetzlichen Bestimmungen erfolgt.<\/p>\n<p><strong>Zwecke der Datenverarbeitung:<\/strong><\/p>\n<ul>\n<li>Erf\u00fcllung gesetzlicher, beh\u00f6rdlicher und gemeinschaftlicher Vorschriften sowie zivilrechtlicher und steuerrechtlicher Vorgaben.<\/li>\n<li>Erf\u00fcllung vertraglicher Verpflichtungen gegen\u00fcber der betroffenen Person.<\/li>\n<li>T\u00e4tigkeiten im Zusammenhang mit der Gesch\u00e4ftst\u00e4tigkeit unseres Unternehmens, wie z. B. interne statistische Erhebungen, Buchhaltung und Kunden-\/Lieferantenmanagement.<\/li>\n<li>Kommerzielle Zwecke wie die Zusendung von Unternehmensinformationen und Werbematerialien (per Post, Fax und E-Mail), Marketing und Marktforschung.<\/li>\n<li>Schutz von Forderungen und Verwaltung von Verbindlichkeiten.<\/li>\n<li>Zwecke im Zusammenhang mit Versicherungen, insbesondere Forderungsversicherungen.<\/li>\n<li>Weitergabe der Daten.<\/li>\n<\/ul>\n<p><strong>In Bezug auf die oben genannten Zwecke k\u00f6nnen Ihre personenbezogenen Daten weitergegeben werden an:<\/strong><\/p>\n<ul>\n<li>\u00d6ffentliche und administrative Beh\u00f6rden, wenn dies gesetzlich erforderlich ist.<\/li>\n<li>Kreditinstitute, mit denen unser Unternehmen Gesch\u00e4ftsbeziehungen unterh\u00e4lt, zur Verwaltung von Forderungen\/Verbindlichkeiten und f\u00fcr Finanzintermediationsdienste.<\/li>\n<li>Alle physischen und\/oder juristischen Personen, \u00f6ffentliche und\/oder private Stellen (z. B. Anwaltskanzleien, Steuerberater, Gerichte, Handelskammern usw.), wenn dies f\u00fcr die Aus\u00fcbung unserer Gesch\u00e4ftst\u00e4tigkeit erforderlich oder funktional ist.<\/li>\n<li>Lieferanten\/Hersteller f\u00fcr die Auftragsabwicklung.<\/li>\n<li>Die von uns verarbeiteten personenbezogenen Daten werden nicht verbreitet.<\/li>\n<\/ul>\n<p><strong>Welche Informationen sammeln wir und wie lange speichern wir diese?<\/strong><\/p>\n<ol>\n<li><strong>Von Nutzern bereitgestellte und automatisch gesammelte Informationen<\/strong><br \/>\nDie von unserem Unternehmen gesammelten personenbezogenen Daten werden direkt von den Kunden oder von Dritten erhoben, zum Beispiel wenn das Unternehmen Daten von externen Unternehmen f\u00fcr kommerzielle Informationen, Marktforschung, direkte Angebote von Produkten oder Dienstleistungen sammelt. In diesen F\u00e4llen wird der betroffenen Person zum Zeitpunkt der Registrierung oder sp\u00e4testens bei der ersten Kommunikation eine Informationsmitteilung zur Verf\u00fcgung gestellt.<\/li>\n<\/ol>\n<p>Au\u00dferdem kann unser Unternehmen sensible Daten sammeln, die im Zusammenhang mit Anfragen des Kunden erforderlich sind. Die Verarbeitung dieser Daten erfordert die ausdr\u00fcckliche Zustimmung der betroffenen Person.<\/p>\n<p>Mit jedem Besuch auf unseren Plattformen k\u00f6nnen wir Informationen \u00fcber die verwendeten Ger\u00e4te und Netzwerke sammeln, mit denen auf unsere Dienste zugegriffen wird. Diese Informationen k\u00f6nnen umfassen: IP-Adresse, Anmeldedaten, Browsertyp und -version, Browser-Plug-ins, Betriebssystem und Plattform, Werbe-ID, Besuchsinformationen, angeforderte URLs, angezeigte Produkte, Downloadfehler, Dauer des Verbleibs auf bestimmten Seiten, Interaktionen auf den Seiten und Telefonnummern, die zum Anrufen unseres Kundendienstes verwendet werden. Wir sammeln diese Informationen mithilfe verschiedener Technologien, einschlie\u00dflich Cookies (weitere Informationen finden Sie in unserer Cookie-Richtlinie).<\/p>\n<ol start=\"2\">\n<li><strong>Speicherzeit der Daten<\/strong><br \/>\nSiehe Abschnitt \u201eCookies\u201c f\u00fcr die Dauer der Datenspeicherung.<\/li>\n<\/ol>\n<p><strong>Arten der Datenverarbeitung:<\/strong><br \/>\nDie Datenverarbeitung kann mit oder ohne den Einsatz elektronischer Mittel erfolgen, die automatisiert sein k\u00f6nnen. Sie umfasst alle Operationen, die f\u00fcr die Verarbeitung der Daten erforderlich sind. In jedem Fall erfolgt die Verarbeitung unter Einhaltung aller Sicherheitsvorkehrungen, um die Daten vor unbefugtem Zugriff und Missbrauch zu sch\u00fctzen.<\/p>\n<p><strong>Online-Werbung<\/strong><br \/>\nUm interessenbasierte Werbung anzubieten und gezielte Werbung anzuzeigen, k\u00f6nnen wir die gesammelten Daten mit anderen von uns erfassten Daten kombinieren. Wenn Sie nicht m\u00f6chten, dass Ihre Informationen \u00fcber Cookies verarbeitet werden, lesen Sie bitte unsere Cookie-Richtlinie, um zu erfahren, wie Sie diese Informationen kontrollieren und deaktivieren k\u00f6nnen. Beachten Sie bitte, dass das Deaktivieren von interessenbasierter Werbung nicht verhindert, dass Ihnen weiterhin Werbung angezeigt wird, die nicht auf Ihre Interessen abgestimmt ist.<\/p>\n<p><strong>Navigationsdaten im Zusammenhang mit unseren Online-Informationsdiensten:<\/strong><br \/>\nDie Computersysteme und Softwareverfahren, die f\u00fcr den Betrieb der Website verwendet werden, erheben im Rahmen ihres normalen Betriebs einige personenbezogene Daten, deren \u00dcbermittlung durch die Verwendung von Internet-Kommunikationsprotokollen impliziert ist.<br \/>\nEs handelt sich dabei um Informationen, die nicht dazu bestimmt sind, eine Person zu identifizieren, die jedoch aufgrund ihrer Art, durch Verarbeitung und Verkn\u00fcpfung mit Daten, die in den H\u00e4nden Dritter sind, die Identifizierung der Nutzer erm\u00f6glichen k\u00f6nnten. Zu dieser Kategorie von Daten geh\u00f6ren IP-Adressen oder Dom\u00e4nennamen der Computer, die auf die Website zugreifen, die URIs (Uniform Resource Identifiers) der angeforderten Ressourcen, die Uhrzeit der Anfrage und andere Parameter, die sich auf die \u00dcbertragung und das technische Umfeld des Nutzers beziehen.<br \/>\nDiese Daten werden nur zu anonymen statistischen Zwecken \u00fcber die Nutzung der Website und zur \u00dcberpr\u00fcfung der korrekten Funktion verwendet. Im Falle von Computerverbrechen gegen unsere Website k\u00f6nnen diese Daten zur Feststellung der Verantwortlichkeit verwendet werden.<\/p>\n<p><strong>\u00dcbermittlung von Daten ins Ausland:<\/strong><br \/>\nWir k\u00f6nnten gezwungen sein, Ihre Daten an Dienstleister in L\u00e4ndern au\u00dferhalb des Europ\u00e4ischen Wirtschaftsraums (EWR) zu \u00fcbermitteln. Zu den EWR-L\u00e4ndern geh\u00f6ren die Mitgliedstaaten der Europ\u00e4ischen Union sowie die Schweiz, Island, Liechtenstein und Norwegen, die als L\u00e4nder mit gleichwertigem Datenschutzrecht betrachtet werden. Diese \u00dcbermittlung von Daten kann erforderlich sein, wenn unsere Server (also der Ort, an dem die Daten gespeichert werden) oder unsere Dienstleister und Partner au\u00dferhalb des EWR liegen oder wenn Sie unsere Produkte und Dienstleistungen aus einem Land au\u00dferhalb dieses Gebiets heraus nutzen.<br \/>\nDie aktualisierte Liste der Drittl\u00e4nder, in die das Unternehmen Daten \u00fcbermittelt, ist auf Anfrage beim Verantwortlichen der Datenverarbeitung verf\u00fcgbar.<br \/>\nWenn eine solche \u00dcbermittlung stattfindet, stellen wir sicher, dass diese in \u00dcbereinstimmung mit dieser Datenschutzerkl\u00e4rung erfolgt und durch Standardvertragsklauseln der Europ\u00e4ischen Kommission geregelt wird, um einen angemessenen Schutz f\u00fcr die betroffenen Personen zu gew\u00e4hrleisten.<\/p>\n<p><strong>Rechte der betroffenen Person:<\/strong><br \/>\nDie Verordnung 679\/2016 gew\u00e4hrt der betroffenen Person das Recht, bestimmte Rechte auszu\u00fcben. Insbesondere hat die betroffene Person das Recht, Informationen \u00fcber die von uns gespeicherten Daten, deren Herkunft und den Zweck der Verarbeitung sowie \u00fcber die verantwortlichen Stellen und die Empf\u00e4nger der Daten zu erhalten.<br \/>\nDie betroffene Person hat das Recht, ihre Daten zu aktualisieren, zu berichtigen und zu erg\u00e4nzen sowie deren L\u00f6schung, Einschr\u00e4nkung oder Umwandlung in anonyme Daten zu verlangen, wenn die Verarbeitung gegen gesetzliche Bestimmungen verst\u00f6\u00dft. Sie hat ebenfalls das Recht, der Verarbeitung ihrer Daten aus berechtigten Gr\u00fcnden zu widersprechen, und ohne berechtigten Grund, wenn die Daten zu Werbezwecken, Marketing oder Marktforschung verwendet werden.<br \/>\nAb dem 25. Mai 2018 wird das Recht auf Daten\u00fcbertragbarkeit anerkannt. Weitere Informationen erhalten Sie beim Verantwortlichen der Datenverarbeitung.<br \/>\nWenn Sie der Meinung sind, dass Ihre Rechte verletzt wurden, haben Sie das Recht, eine Beschwerde bei der Datenschutzbeh\u00f6rde (Garante per la Protezione dei Dati) einzureichen oder rechtliche Schritte zu unternehmen.<\/p>\n<p>Die Rechte k\u00f6nnen von der betroffenen Person oder von einer von ihr beauftragten Person durch eine Anfrage an den Verantwortlichen der Datenverarbeitung an die unten angegebene Adresse per Einschreiben oder E-Mail ausge\u00fcbt werden.<\/p>\n<p><strong>Verantwortlicher f\u00fcr die Datenverarbeitung:<\/strong><\/p>\n<p>TRISAIERHOF (Manuel Gasser)<br \/>\nV\u00f6lserriederstra\u00dfe\/Via Novale di Fi\u00e8 11<br \/>\nI-39050 V\u00f6ls am Schlern\/Fi\u00e8 allo Sciliar (BZ)<br \/>\nS\u00fcdtirol\/Alto Adige (Italien\/Italia)<br \/>\nE-Mail: info@trisaierhof.com<br \/>\nWeb: www.trisaierhof.com<br \/>\nTel. +39 379\/3993077<br \/>\nMwSt.-Nr.\/Partita IVA: 03163980216<\/p>\n<p><strong>Was sind Cookies?<\/strong><\/p>\n<p>Ein Cookie ist eine Textdatei, die auf Ihrem Ger\u00e4t (PC, Tablet, Smartphone) gespeichert wird, wenn Sie eine Website besuchen. Cookies erm\u00f6glichen es der Website, automatisch Ihre vorherigen Einstellungen wie Sprache, Textgr\u00f6\u00dfe und andere Pr\u00e4ferenzen bei einem sp\u00e4teren Besuch zu laden. Die Cookies auf dieser Website werden nicht verwendet, um personenbezogene Informationen zu sammeln, und stellen keine Sicherheitsrisiken f\u00fcr Ihr Ger\u00e4t dar.<\/p>\n<p><strong>Arten von Cookies:<\/strong><\/p>\n<ul>\n<li><strong>Technische Cookies [keine Zustimmung erforderlich]<\/strong><br \/>\nDiese Cookies sind f\u00fcr das ordnungsgem\u00e4\u00dfe Funktionieren der Website unerl\u00e4sslich. Es handelt sich um First-Party-Cookies, die nur w\u00e4hrend der aktuellen Sitzung auf Ihrem Computer gespeichert werden.<\/li>\n<li><strong>Profiling-Cookies [Zustimmung erforderlich]<\/strong><br \/>\nDiese Cookies sammeln Nutzerdaten, um Ihnen personalisierte Werbung zu senden.<\/li>\n<li><strong>Cookies von Dritten<\/strong><br \/>\nDa wir Cookies von anderen Plattformen (z. B. Youtube, Google Analytics, Google Maps, Facebook) verwenden, finden Sie unter den folgenden Links weitere Informationen.<\/li>\n<\/ul>\n<p><strong>Kontrolle der Verwendung von Cookies<\/strong><br \/>\nDie meisten Browser erm\u00f6glichen es Ihnen, Cookies zu deaktivieren. Beachten Sie jedoch, dass die Deaktivierung von Cookies die ordnungsgem\u00e4\u00dfe Funktion der Website beeintr\u00e4chtigen kann.<\/p>\n<p><!-- \/wp:paragraph --><\/p>\n<\/div><\/div><\/div><\/div><\/div>\n<\/p>\n","protected":false},"excerpt":{"rendered":"","protected":false},"author":1,"featured_media":0,"parent":0,"menu_order":0,"comment_status":"closed","ping_status":"closed","template":"100-width.php","meta":{"_themeisle_gutenberg_block_has_review":false,"footnotes":""},"class_list":["post-3572","page","type-page","status-publish","hentry"],"yoast_head":"<!-- This site is optimized with the Yoast SEO plugin v28.3 - https:\/\/yoast.com\/product\/yoast-seo-wordpress\/ -->\n<title>Trisaierhof | Note legali &amp; Privacy<\/title>\n<meta name=\"description\" content=\"Urlaub auf dem Bauernhof in V\u00f6ls am Schlern: Gem\u00fctliche Wohnungen mit traumhaftem Blick auf den Schlern, frische Hofprodukte und Hofkultur.\" \/>\n<meta name=\"robots\" content=\"index, follow, max-snippet:-1, max-image-preview:large, max-video-preview:-1\" \/>\n<link rel=\"canonical\" href=\"https:\/\/www.trisaierhof.com\/it\/privacy\/\" \/>\n<meta property=\"og:locale\" content=\"it_IT\" \/>\n<meta property=\"og:type\" content=\"article\" \/>\n<meta property=\"og:title\" content=\"Trisaierhof | Note legali &amp; Privacy\" \/>\n<meta property=\"og:description\" content=\"Urlaub auf dem Bauernhof in V\u00f6ls am Schlern: Gem\u00fctliche Wohnungen mit traumhaftem Blick auf den Schlern, frische Hofprodukte und Hofkultur.\" \/>\n<meta property=\"og:url\" content=\"https:\/\/www.trisaierhof.com\/it\/privacy\/\" \/>\n<meta property=\"og:site_name\" content=\"Trisaierhof\" \/>\n<meta property=\"article:modified_time\" content=\"2026-08-31T13:57:23+00:00\" \/>\n<meta name=\"twitter:card\" content=\"summary_large_image\" \/>\n<meta name=\"twitter:label1\" content=\"Tempo di lettura stimato\" \/>\n\t<meta name=\"twitter:data1\" content=\"15 minuti\" \/>\n<script type=\"application\/ld+json\" class=\"yoast-schema-graph\">{\"@context\":\"https:\\\/\\\/schema.org\",\"@graph\":[{\"@type\":\"WebPage\",\"@id\":\"https:\\\/\\\/www.trisaierhof.com\\\/it\\\/privacy\\\/\",\"url\":\"https:\\\/\\\/www.trisaierhof.com\\\/it\\\/privacy\\\/\",\"name\":\"Trisaierhof | Note legali & Privacy\",\"isPartOf\":{\"@id\":\"https:\\\/\\\/www.trisaierhof.com\\\/#website\"},\"datePublished\":\"2026-08-01T08:00:41+00:00\",\"dateModified\":\"2026-08-31T13:57:23+00:00\",\"description\":\"Urlaub auf dem Bauernhof in V\u00f6ls am Schlern: Gem\u00fctliche Wohnungen mit traumhaftem Blick auf den Schlern, frische Hofprodukte und Hofkultur.\",\"breadcrumb\":{\"@id\":\"https:\\\/\\\/www.trisaierhof.com\\\/it\\\/privacy\\\/#breadcrumb\"},\"inLanguage\":\"it-IT\",\"potentialAction\":[{\"@type\":\"ReadAction\",\"target\":[\"https:\\\/\\\/www.trisaierhof.com\\\/it\\\/privacy\\\/\"]}]},{\"@type\":\"BreadcrumbList\",\"@id\":\"https:\\\/\\\/www.trisaierhof.com\\\/it\\\/privacy\\\/#breadcrumb\",\"itemListElement\":[{\"@type\":\"ListItem\",\"position\":1,\"name\":\"Start\",\"item\":\"https:\\\/\\\/www.trisaierhof.com\\\/it\\\/\"},{\"@type\":\"ListItem\",\"position\":2,\"name\":\"Note legali &#038; Privacy\"}]},{\"@type\":\"WebSite\",\"@id\":\"https:\\\/\\\/www.trisaierhof.com\\\/#website\",\"url\":\"https:\\\/\\\/www.trisaierhof.com\\\/\",\"name\":\"Trisaierhof in V\u00f6ls am Schlern\",\"description\":\"Trisaierhof \u2013 Urlaub auf dem Bauernhof\",\"potentialAction\":[{\"@type\":\"SearchAction\",\"target\":{\"@type\":\"EntryPoint\",\"urlTemplate\":\"https:\\\/\\\/www.trisaierhof.com\\\/?s={search_term_string}\"},\"query-input\":{\"@type\":\"PropertyValueSpecification\",\"valueRequired\":true,\"valueName\":\"search_term_string\"}}],\"inLanguage\":\"it-IT\"}]}<\/script>\n<!-- \/ Yoast SEO plugin. -->","yoast_head_json":{"title":"Trisaierhof | Note legali & Privacy","description":"Urlaub auf dem Bauernhof in V\u00f6ls am Schlern: Gem\u00fctliche Wohnungen mit traumhaftem Blick auf den Schlern, frische Hofprodukte und Hofkultur.","robots":{"index":"index","follow":"follow","max-snippet":"max-snippet:-1","max-image-preview":"max-image-preview:large","max-video-preview":"max-video-preview:-1"},"canonical":"https:\/\/www.trisaierhof.com\/it\/privacy\/","og_locale":"it_IT","og_type":"article","og_title":"Trisaierhof | Note legali & Privacy","og_description":"Urlaub auf dem Bauernhof in V\u00f6ls am Schlern: Gem\u00fctliche Wohnungen mit traumhaftem Blick auf den Schlern, frische Hofprodukte und Hofkultur.","og_url":"https:\/\/www.trisaierhof.com\/it\/privacy\/","og_site_name":"Trisaierhof","article_modified_time":"2026-08-31T13:57:23+00:00","twitter_card":"summary_large_image","twitter_misc":{"Tempo di lettura stimato":"15 minuti"},"schema":{"@context":"https:\/\/schema.org","@graph":[{"@type":"WebPage","@id":"https:\/\/www.trisaierhof.com\/it\/privacy\/","url":"https:\/\/www.trisaierhof.com\/it\/privacy\/","name":"Trisaierhof | Note legali & Privacy","isPartOf":{"@id":"https:\/\/www.trisaierhof.com\/#website"},"datePublished":"2026-08-01T08:00:41+00:00","dateModified":"2026-08-31T13:57:23+00:00","description":"Urlaub auf dem Bauernhof in V\u00f6ls am Schlern: Gem\u00fctliche Wohnungen mit traumhaftem Blick auf den Schlern, frische Hofprodukte und Hofkultur.","breadcrumb":{"@id":"https:\/\/www.trisaierhof.com\/it\/privacy\/#breadcrumb"},"inLanguage":"it-IT","potentialAction":[{"@type":"ReadAction","target":["https:\/\/www.trisaierhof.com\/it\/privacy\/"]}]},{"@type":"BreadcrumbList","@id":"https:\/\/www.trisaierhof.com\/it\/privacy\/#breadcrumb","itemListElement":[{"@type":"ListItem","position":1,"name":"Start","item":"https:\/\/www.trisaierhof.com\/it\/"},{"@type":"ListItem","position":2,"name":"Note legali &#038; Privacy"}]},{"@type":"WebSite","@id":"https:\/\/www.trisaierhof.com\/#website","url":"https:\/\/www.trisaierhof.com\/","name":"Trisaierhof in V\u00f6ls am Schlern","description":"Trisaierhof \u2013 Urlaub auf dem Bauernhof","potentialAction":[{"@type":"SearchAction","target":{"@type":"EntryPoint","urlTemplate":"https:\/\/www.trisaierhof.com\/?s={search_term_string}"},"query-input":{"@type":"PropertyValueSpecification","valueRequired":true,"valueName":"search_term_string"}}],"inLanguage":"it-IT"}]}},"_links":{"self":[{"href":"https:\/\/www.trisaierhof.com\/it\/wp-json\/wp\/v2\/pages\/3572","targetHints":{"allow":["GET"]}}],"collection":[{"href":"https:\/\/www.trisaierhof.com\/it\/wp-json\/wp\/v2\/pages"}],"about":[{"href":"https:\/\/www.trisaierhof.com\/it\/wp-json\/wp\/v2\/types\/page"}],"author":[{"embeddable":true,"href":"https:\/\/www.trisaierhof.com\/it\/wp-json\/wp\/v2\/users\/1"}],"replies":[{"embeddable":true,"href":"https:\/\/www.trisaierhof.com\/it\/wp-json\/wp\/v2\/comments?post=3572"}],"version-history":[{"count":1,"href":"https:\/\/www.trisaierhof.com\/it\/wp-json\/wp\/v2\/pages\/3572\/revisions"}],"predecessor-version":[{"id":3574,"href":"https:\/\/www.trisaierhof.com\/it\/wp-json\/wp\/v2\/pages\/3572\/revisions\/3574"}],"wp:attachment":[{"href":"https:\/\/www.trisaierhof.com\/it\/wp-json\/wp\/v2\/media?parent=3572"}],"curies":[{"name":"wp","href":"https:\/\/api.w.org\/{rel}","templated":true}]}}